{"id":889,"date":"2022-02-02T13:41:03","date_gmt":"2022-02-02T17:41:03","guid":{"rendered":"https:\/\/kalebcamacho.com\/veredas\/?post_type=eventer&#038;p=889"},"modified":"2025-12-28T06:33:20","modified_gmt":"2025-12-28T10:33:20","slug":"hiking-planadas-yeyesa","status":"publish","type":"eventer","link":"https:\/\/veredasdemitierra.net\/en\/eventer\/hiking-planadas-yeyesa\/","title":{"rendered":"Hiking Planadas \/ Yeyesa"},"content":{"rendered":"<div class=\"wp-block-columns is-layout-flex wp-container-core-columns-is-layout-1 wp-block-columns-is-layout-flex\">\n<div class=\"wp-block-column is-layout-flow wp-block-column-is-layout-flow\"><\/div>\n<\/div>\n\n\n\n<div class=\"wp-block-columns is-layout-flex wp-container-core-columns-is-layout-2 wp-block-columns-is-layout-flex\">\n<div class=\"wp-block-column is-layout-flow wp-block-column-is-layout-flow\">\n<h3 class=\"wp-block-heading\" id=\"tour\">TOUR<\/h3>\n\n\n\n<p>If you have passed by the jibaro monument and looked at the green forest \ud83c\udf33 at the bottom with its beautiful mountains, that is where we are going to go. There is the Planadas\/Yeyesa nature reserve.<\/p>\n\n\n\n<p>The Planadas\/Yeyesa nature reserve contains ancestral paths that tell us impressive stories. When walking on these royal roads you will enjoy an unparalleled trip to the past from Salinas to Cayey. Being there, nature, which abundantly promises to heal, receives us. The melodious vocalizations of the birds, the countless butterflies, the abundant and diverse flora, and its refreshing waters will captivate our senses. On this tour we will have access to impressive centuries-old ceiba trees, ancient terraces of ancestral cultivation, petroglyphs... You will live an unimaginable and unforgettable experience.<\/p>\n\n\n\n<h3 class=\"wp-block-heading\" id=\"especificaciones-del-evento\">Event specifications:<\/h3>\n\n\n\n<ul class=\"wp-block-list\">\n<li><strong>Difficulty level:<\/strong> route rated at a difficult level (3) for most of the route and a level (4) hiking section if it rains due to exposure to the sun.<\/li>\n\n\n\n<li>Excellent physical condition suitable for this type of event is required. The activity includes walks of approximately 7 to 8 hours through the forest and some rocky terrain.<\/li>\n\n\n\n<li>You should come with a good breakfast.<\/li>\n\n\n\n<li>You must read and complete the waiver of responsibility document upon arrival at the meeting point.<\/li>\n\n\n\n<li><strong>Meeting point:<\/strong><br>parking lot of the gulf gas station on highway #1 near the Salinas Olympic Hostel at 7:30am.<\/li>\n<\/ul>\n\n\n\n<ul class=\"wp-block-list\">\n<li><strong>Link with google pin:<\/strong>&nbsp;<a rel=\"noreferrer noopener\" href=\"https:\/\/goo.gl\/maps\/mBSTQvz1GTr\" data-type=\"URL\" data-id=\"https:\/\/goo.gl\/maps\/mBSTQvz1GTr\" target=\"_blank\">Google<\/a><a href=\"http:\/\/Gulf https:\/\/maps.app.goo.gl\/pceAPB23B7NCByFL7?g_st=ic\" data-type=\"URL\" data-id=\"https:\/\/goo.gl\/maps\/UKSPMmnbfqWZ6f5Q9\" target=\"_blank\" rel=\"noreferrer noopener\"> Map<\/a><\/li>\n\n\n\n<li><strong>Meeting time:<\/strong> 7:30 am<\/li>\n\n\n\n<li><strong>Schedule<\/strong>: 8:00am-5:00pm<\/li>\n\n\n\n<li><strong>Input: <\/strong>$60\n<ul class=\"wp-block-list\">\n<li>Includes dinner<\/li>\n\n\n\n<li>Includes parking<\/li>\n<\/ul>\n<\/li>\n<\/ul>\n\n\n\n<h3 class=\"wp-block-heading\" id=\"equipo-requerido\">Required equipment:<\/h3>\n\n\n\n<ul class=\"wp-block-list\">\n<li>bring your lunch <\/li>\n\n\n\n<li>hiking boots<\/li>\n\n\n\n<li>comfortable clothing of long shirt and pants (light colors)<\/li>\n\n\n\n<li>hat or cap<\/li>\n\n\n\n<li>reusable water bottle <\/li>\n\n\n\n<li>Safety helmet (optional)<\/li>\n\n\n\n<li>reusable utensils (plate, glass, spoon)<\/li>\n\n\n\n<li>change of clothes<\/li>\n\n\n\n<li>swimsuit<\/li>\n\n\n\n<li>layer of rain<\/li>\n\n\n\n<li>sunscreen<\/li>\n\n\n\n<li>Sunglasses<\/li>\n\n\n\n<li>camera (preferably shockproof and waterproof)<\/li>\n\n\n\n<li>first aid kit <\/li>\n\n\n\n<li>Insect repellent<\/li>\n\n\n\n<li>If you are allergic to insects or bees, bring your epipen.<\/li>\n<\/ul>\n\n\n\n<p><\/p>\n\n\n\n<ul class=\"wp-block-list\">\n<li>*maximum capacity: 15 people<\/li>\n<\/ul>\n<\/div>\n\n\n\n<div class=\"wp-block-column is-layout-flow wp-block-column-is-layout-flow\">\n<h3 class=\"wp-block-heading\" id=\"esta-experiencia-incluye\">This experience includes:<\/h3>\n\n\n\n<ol class=\"wp-block-list\">\n<li>Educational and interpretive experience, tour guided by a trained and certified professional.<\/li>\n\n\n\n<li>Includes food prepared by the community upon return from hiking (Creole menu). Please notify if you are allergic to any food or if you are vegan or vegetarian.<\/li>\n<\/ol>\n\n\n\n<h3 class=\"wp-block-heading\" id=\"dificultad-de-eventos\">Event Difficulty:<\/h3>\n\n\n\n<p><strong>Level 1:<\/strong> Easy\/walk 30 minutes or less, we recommend it for people of all ages.<\/p>\n\n\n\n<p><strong>Level 2:<\/strong> Moderate \/ walk of 1 hour or more on uneven terrain, so we recommend being in good physical condition as well as parental discretion and supervision over the participation of their children.<\/p>\n\n\n\n<p><strong>Level 3:<\/strong> Difficult \/ walk of 3 hours or more on uneven terrain, we recommend it only for people in good physical condition accustomed to long and difficult walks on uneven terrain. We do not recommend the participation of children.<\/p>\n\n\n\n<p><strong>Level 4:<\/strong> Extreme\/hike of 5 hours or more over uneven terrain. We recommend it only for people in excellent physical condition who can handle the challenges of the nature of the place. Includes long walks under difficult environmental conditions. We check your physical condition, your equipment and your clothing before starting.<\/p>\n\n\n\n<p><\/p>\n\n\n\n<p>**For more information, doubts and\/or questions you should call 939-464-2122.<br>***You can reserve your space through ATH M\u00f3vil at 939-464-2122, ATH M\u00f3vil Business using: \/veredasdemitierra or through PayPal. Otherwise your space will not be reserved.<br>***WE RESERVE THE RIGHT OF ADMISSION***<\/p>\n<\/div>\n<\/div>\n\n\n\n<figure class=\"wp-block-gallery has-nested-images columns-default is-cropped wp-block-gallery-1 is-layout-flex wp-block-gallery-is-layout-flex\">\n<figure class=\"wp-block-image size-large\"><img fetchpriority=\"high\" decoding=\"async\" width=\"900\" height=\"1200\" data-id=\"667\" src=\"https:\/\/kalebcamacho.com\/veredas\/wp-content\/uploads\/2021\/12\/Planadas-Yeyesa-16.jpg\" alt=\"\" class=\"wp-image-667\" srcset=\"https:\/\/veredasdemitierra.net\/wp-content\/uploads\/2021\/12\/Planadas-Yeyesa-16.jpg 900w, https:\/\/veredasdemitierra.net\/wp-content\/uploads\/2021\/12\/Planadas-Yeyesa-16-225x300.jpg 225w, https:\/\/veredasdemitierra.net\/wp-content\/uploads\/2021\/12\/Planadas-Yeyesa-16-768x1024.jpg 768w, https:\/\/veredasdemitierra.net\/wp-content\/uploads\/2021\/12\/Planadas-Yeyesa-16-600x800.jpg 600w\" sizes=\"(max-width: 900px) 100vw, 900px\" \/><\/figure>\n\n\n\n<figure class=\"wp-block-image size-large\"><img decoding=\"async\" width=\"900\" height=\"1200\" data-id=\"666\" src=\"https:\/\/kalebcamacho.com\/veredas\/wp-content\/uploads\/2021\/12\/Planadas-Yeyesa-15.jpg\" alt=\"\" class=\"wp-image-666\" srcset=\"https:\/\/veredasdemitierra.net\/wp-content\/uploads\/2021\/12\/Planadas-Yeyesa-15.jpg 900w, https:\/\/veredasdemitierra.net\/wp-content\/uploads\/2021\/12\/Planadas-Yeyesa-15-225x300.jpg 225w, https:\/\/veredasdemitierra.net\/wp-content\/uploads\/2021\/12\/Planadas-Yeyesa-15-768x1024.jpg 768w, https:\/\/veredasdemitierra.net\/wp-content\/uploads\/2021\/12\/Planadas-Yeyesa-15-600x800.jpg 600w\" sizes=\"(max-width: 900px) 100vw, 900px\" \/><\/figure>\n\n\n\n<figure class=\"wp-block-image size-large\"><img decoding=\"async\" width=\"900\" height=\"1200\" data-id=\"665\" src=\"https:\/\/kalebcamacho.com\/veredas\/wp-content\/uploads\/2021\/12\/Planadas-Yeyesa-14.jpg\" alt=\"\" class=\"wp-image-665\" srcset=\"https:\/\/veredasdemitierra.net\/wp-content\/uploads\/2021\/12\/Planadas-Yeyesa-14.jpg 900w, https:\/\/veredasdemitierra.net\/wp-content\/uploads\/2021\/12\/Planadas-Yeyesa-14-225x300.jpg 225w, https:\/\/veredasdemitierra.net\/wp-content\/uploads\/2021\/12\/Planadas-Yeyesa-14-768x1024.jpg 768w, https:\/\/veredasdemitierra.net\/wp-content\/uploads\/2021\/12\/Planadas-Yeyesa-14-600x800.jpg 600w\" sizes=\"(max-width: 900px) 100vw, 900px\" \/><\/figure>\n\n\n\n<figure class=\"wp-block-image size-large\"><img loading=\"lazy\" decoding=\"async\" width=\"900\" height=\"1200\" data-id=\"664\" src=\"https:\/\/kalebcamacho.com\/veredas\/wp-content\/uploads\/2021\/12\/Planadas-Yeyesa-13.jpg\" alt=\"\" class=\"wp-image-664\" srcset=\"https:\/\/veredasdemitierra.net\/wp-content\/uploads\/2021\/12\/Planadas-Yeyesa-13.jpg 900w, https:\/\/veredasdemitierra.net\/wp-content\/uploads\/2021\/12\/Planadas-Yeyesa-13-225x300.jpg 225w, https:\/\/veredasdemitierra.net\/wp-content\/uploads\/2021\/12\/Planadas-Yeyesa-13-768x1024.jpg 768w, https:\/\/veredasdemitierra.net\/wp-content\/uploads\/2021\/12\/Planadas-Yeyesa-13-600x800.jpg 600w\" sizes=\"(max-width: 900px) 100vw, 900px\" \/><\/figure>\n\n\n\n<figure class=\"wp-block-image size-large\"><img loading=\"lazy\" decoding=\"async\" width=\"900\" height=\"1200\" data-id=\"663\" src=\"https:\/\/kalebcamacho.com\/veredas\/wp-content\/uploads\/2021\/12\/Planadas-Yeyesa-12.jpg\" alt=\"\" class=\"wp-image-663\" srcset=\"https:\/\/veredasdemitierra.net\/wp-content\/uploads\/2021\/12\/Planadas-Yeyesa-12.jpg 900w, https:\/\/veredasdemitierra.net\/wp-content\/uploads\/2021\/12\/Planadas-Yeyesa-12-225x300.jpg 225w, https:\/\/veredasdemitierra.net\/wp-content\/uploads\/2021\/12\/Planadas-Yeyesa-12-768x1024.jpg 768w, https:\/\/veredasdemitierra.net\/wp-content\/uploads\/2021\/12\/Planadas-Yeyesa-12-600x800.jpg 600w\" sizes=\"(max-width: 900px) 100vw, 900px\" \/><\/figure>\n\n\n\n<figure class=\"wp-block-image size-large\"><img loading=\"lazy\" decoding=\"async\" width=\"900\" height=\"1200\" data-id=\"660\" src=\"https:\/\/kalebcamacho.com\/veredas\/wp-content\/uploads\/2021\/12\/Planadas-Yeyesa-9.jpg\" alt=\"\" class=\"wp-image-660\" srcset=\"https:\/\/veredasdemitierra.net\/wp-content\/uploads\/2021\/12\/Planadas-Yeyesa-9.jpg 900w, https:\/\/veredasdemitierra.net\/wp-content\/uploads\/2021\/12\/Planadas-Yeyesa-9-225x300.jpg 225w, https:\/\/veredasdemitierra.net\/wp-content\/uploads\/2021\/12\/Planadas-Yeyesa-9-768x1024.jpg 768w, https:\/\/veredasdemitierra.net\/wp-content\/uploads\/2021\/12\/Planadas-Yeyesa-9-600x800.jpg 600w\" sizes=\"(max-width: 900px) 100vw, 900px\" \/><\/figure>\n\n\n\n<figure class=\"wp-block-image size-large\"><img loading=\"lazy\" decoding=\"async\" width=\"900\" height=\"1200\" data-id=\"661\" src=\"https:\/\/kalebcamacho.com\/veredas\/wp-content\/uploads\/2021\/12\/Planadas-Yeyesa-10.jpg\" alt=\"\" class=\"wp-image-661\" srcset=\"https:\/\/veredasdemitierra.net\/wp-content\/uploads\/2021\/12\/Planadas-Yeyesa-10.jpg 900w, https:\/\/veredasdemitierra.net\/wp-content\/uploads\/2021\/12\/Planadas-Yeyesa-10-225x300.jpg 225w, https:\/\/veredasdemitierra.net\/wp-content\/uploads\/2021\/12\/Planadas-Yeyesa-10-768x1024.jpg 768w, https:\/\/veredasdemitierra.net\/wp-content\/uploads\/2021\/12\/Planadas-Yeyesa-10-600x800.jpg 600w\" sizes=\"(max-width: 900px) 100vw, 900px\" \/><\/figure>\n\n\n\n<figure class=\"wp-block-image size-large\"><img loading=\"lazy\" decoding=\"async\" width=\"900\" height=\"1200\" data-id=\"662\" src=\"https:\/\/kalebcamacho.com\/veredas\/wp-content\/uploads\/2021\/12\/Planadas-Yeyesa-11.jpg\" alt=\"\" class=\"wp-image-662\" srcset=\"https:\/\/veredasdemitierra.net\/wp-content\/uploads\/2021\/12\/Planadas-Yeyesa-11.jpg 900w, https:\/\/veredasdemitierra.net\/wp-content\/uploads\/2021\/12\/Planadas-Yeyesa-11-225x300.jpg 225w, https:\/\/veredasdemitierra.net\/wp-content\/uploads\/2021\/12\/Planadas-Yeyesa-11-768x1024.jpg 768w, https:\/\/veredasdemitierra.net\/wp-content\/uploads\/2021\/12\/Planadas-Yeyesa-11-600x800.jpg 600w\" sizes=\"(max-width: 900px) 100vw, 900px\" \/><\/figure>\n\n\n\n<figure class=\"wp-block-image size-large\"><img loading=\"lazy\" decoding=\"async\" width=\"900\" height=\"1200\" data-id=\"659\" src=\"https:\/\/kalebcamacho.com\/veredas\/wp-content\/uploads\/2021\/12\/Planadas-Yeyesa-8.jpg\" alt=\"\" class=\"wp-image-659\" srcset=\"https:\/\/veredasdemitierra.net\/wp-content\/uploads\/2021\/12\/Planadas-Yeyesa-8.jpg 900w, https:\/\/veredasdemitierra.net\/wp-content\/uploads\/2021\/12\/Planadas-Yeyesa-8-225x300.jpg 225w, https:\/\/veredasdemitierra.net\/wp-content\/uploads\/2021\/12\/Planadas-Yeyesa-8-768x1024.jpg 768w, https:\/\/veredasdemitierra.net\/wp-content\/uploads\/2021\/12\/Planadas-Yeyesa-8-600x800.jpg 600w\" sizes=\"(max-width: 900px) 100vw, 900px\" \/><\/figure>\n\n\n\n<figure class=\"wp-block-image size-large\"><img loading=\"lazy\" decoding=\"async\" width=\"900\" height=\"1200\" data-id=\"656\" src=\"https:\/\/kalebcamacho.com\/veredas\/wp-content\/uploads\/2021\/12\/Planadas-Yeyesa-5.jpg\" alt=\"\" class=\"wp-image-656\" srcset=\"https:\/\/veredasdemitierra.net\/wp-content\/uploads\/2021\/12\/Planadas-Yeyesa-5.jpg 900w, https:\/\/veredasdemitierra.net\/wp-content\/uploads\/2021\/12\/Planadas-Yeyesa-5-225x300.jpg 225w, https:\/\/veredasdemitierra.net\/wp-content\/uploads\/2021\/12\/Planadas-Yeyesa-5-768x1024.jpg 768w, https:\/\/veredasdemitierra.net\/wp-content\/uploads\/2021\/12\/Planadas-Yeyesa-5-600x800.jpg 600w\" sizes=\"(max-width: 900px) 100vw, 900px\" \/><\/figure>\n\n\n\n<figure class=\"wp-block-image size-large\"><img loading=\"lazy\" decoding=\"async\" width=\"900\" height=\"1200\" data-id=\"654\" src=\"https:\/\/kalebcamacho.com\/veredas\/wp-content\/uploads\/2021\/12\/Planadas-Yeyesa-3.jpg\" alt=\"\" class=\"wp-image-654\" srcset=\"https:\/\/veredasdemitierra.net\/wp-content\/uploads\/2021\/12\/Planadas-Yeyesa-3.jpg 900w, https:\/\/veredasdemitierra.net\/wp-content\/uploads\/2021\/12\/Planadas-Yeyesa-3-225x300.jpg 225w, https:\/\/veredasdemitierra.net\/wp-content\/uploads\/2021\/12\/Planadas-Yeyesa-3-768x1024.jpg 768w, https:\/\/veredasdemitierra.net\/wp-content\/uploads\/2021\/12\/Planadas-Yeyesa-3-600x800.jpg 600w\" sizes=\"(max-width: 900px) 100vw, 900px\" \/><\/figure>\n\n\n\n<figure class=\"wp-block-image size-large\"><img loading=\"lazy\" decoding=\"async\" width=\"900\" height=\"1200\" data-id=\"653\" src=\"https:\/\/kalebcamacho.com\/veredas\/wp-content\/uploads\/2021\/12\/Planadas-Yeyesa-2.jpg\" alt=\"\" class=\"wp-image-653\" srcset=\"https:\/\/veredasdemitierra.net\/wp-content\/uploads\/2021\/12\/Planadas-Yeyesa-2.jpg 900w, https:\/\/veredasdemitierra.net\/wp-content\/uploads\/2021\/12\/Planadas-Yeyesa-2-225x300.jpg 225w, https:\/\/veredasdemitierra.net\/wp-content\/uploads\/2021\/12\/Planadas-Yeyesa-2-768x1024.jpg 768w, https:\/\/veredasdemitierra.net\/wp-content\/uploads\/2021\/12\/Planadas-Yeyesa-2-600x800.jpg 600w\" sizes=\"(max-width: 900px) 100vw, 900px\" \/><\/figure>\n\n\n\n<figure class=\"wp-block-image size-large\"><img loading=\"lazy\" decoding=\"async\" width=\"900\" height=\"1200\" data-id=\"652\" src=\"https:\/\/kalebcamacho.com\/veredas\/wp-content\/uploads\/2021\/12\/Planadas-Yeyesa-1.jpg\" alt=\"\" class=\"wp-image-652\" srcset=\"https:\/\/veredasdemitierra.net\/wp-content\/uploads\/2021\/12\/Planadas-Yeyesa-1.jpg 900w, https:\/\/veredasdemitierra.net\/wp-content\/uploads\/2021\/12\/Planadas-Yeyesa-1-225x300.jpg 225w, https:\/\/veredasdemitierra.net\/wp-content\/uploads\/2021\/12\/Planadas-Yeyesa-1-768x1024.jpg 768w, https:\/\/veredasdemitierra.net\/wp-content\/uploads\/2021\/12\/Planadas-Yeyesa-1-600x800.jpg 600w\" sizes=\"(max-width: 900px) 100vw, 900px\" \/><\/figure>\n\n\n\n<figure class=\"wp-block-image size-large\"><img loading=\"lazy\" decoding=\"async\" width=\"900\" height=\"1200\" data-id=\"655\" src=\"https:\/\/kalebcamacho.com\/veredas\/wp-content\/uploads\/2021\/12\/Planadas-Yeyesa-4.jpg\" alt=\"\" class=\"wp-image-655\" srcset=\"https:\/\/veredasdemitierra.net\/wp-content\/uploads\/2021\/12\/Planadas-Yeyesa-4.jpg 900w, https:\/\/veredasdemitierra.net\/wp-content\/uploads\/2021\/12\/Planadas-Yeyesa-4-225x300.jpg 225w, https:\/\/veredasdemitierra.net\/wp-content\/uploads\/2021\/12\/Planadas-Yeyesa-4-768x1024.jpg 768w, https:\/\/veredasdemitierra.net\/wp-content\/uploads\/2021\/12\/Planadas-Yeyesa-4-600x800.jpg 600w\" sizes=\"(max-width: 900px) 100vw, 900px\" \/><\/figure>\n<\/figure>","protected":false},"excerpt":{"rendered":"<p>TOUR Si haz pasado por el monumento al jibaro y mirado el verdoso bosque \ud83c\udf33 en la parte de abajo con sus hermosas monta\u00f1as es all\u00ed para d\u00f3nde vamos a ir. alli es la reserva natural planadas\/yeyesa. La reserva natural Planadas\/Yeyesa contiene veredas ancestrales que nos cuentan historias impresionantes. al caminar en estos caminos reales [&hellip;]<\/p>","protected":false},"author":3,"featured_media":653,"comment_status":"closed","ping_status":"closed","template":"","eventer-category":[60],"eventer-venue":[66],"eventer-organizer":[55],"class_list":{"0":"post-889","2":"type-eventer","3":"status-publish","4":"has-post-thumbnail","5":"hentry","6":"eventer-category-recorridos","7":"eventer-venue-planadas-yeyesa","8":"eventer-organizer-ray-rodriguez"},"eventer_organizer":{"term":"Ray Rodriguez Colon","organizer_phone":"9394642122","organizer_email":"veredasdemitierra@gmail.com","organizer_website":"veredasdemitierra.net","organizer_image":"584"},"eventer_venue":{"term":"Planadas \/ Yeyesa"},"_links":{"self":[{"href":"https:\/\/veredasdemitierra.net\/en\/wp-json\/wp\/v2\/eventer\/889","targetHints":{"allow":["GET"]}}],"collection":[{"href":"https:\/\/veredasdemitierra.net\/en\/wp-json\/wp\/v2\/eventer"}],"about":[{"href":"https:\/\/veredasdemitierra.net\/en\/wp-json\/wp\/v2\/types\/eventer"}],"author":[{"embeddable":true,"href":"https:\/\/veredasdemitierra.net\/en\/wp-json\/wp\/v2\/users\/3"}],"replies":[{"embeddable":true,"href":"https:\/\/veredasdemitierra.net\/en\/wp-json\/wp\/v2\/comments?post=889"}],"version-history":[{"count":1,"href":"https:\/\/veredasdemitierra.net\/en\/wp-json\/wp\/v2\/eventer\/889\/revisions"}],"predecessor-version":[{"id":1479,"href":"https:\/\/veredasdemitierra.net\/en\/wp-json\/wp\/v2\/eventer\/889\/revisions\/1479"}],"wp:featuredmedia":[{"embeddable":true,"href":"https:\/\/veredasdemitierra.net\/en\/wp-json\/wp\/v2\/media\/653"}],"wp:attachment":[{"href":"https:\/\/veredasdemitierra.net\/en\/wp-json\/wp\/v2\/media?parent=889"}],"wp:term":[{"taxonomy":"eventer-category","embeddable":true,"href":"https:\/\/veredasdemitierra.net\/en\/wp-json\/wp\/v2\/eventer-category?post=889"},{"taxonomy":"eventer-venue","embeddable":true,"href":"https:\/\/veredasdemitierra.net\/en\/wp-json\/wp\/v2\/eventer-venue?post=889"},{"taxonomy":"eventer-organizer","embeddable":true,"href":"https:\/\/veredasdemitierra.net\/en\/wp-json\/wp\/v2\/eventer-organizer?post=889"}],"curies":[{"name":"wp","href":"https:\/\/api.w.org\/{rel}","templated":true}]}}